{"id":1617,"date":"2022-01-07T13:06:59","date_gmt":"2022-01-07T13:06:59","guid":{"rendered":"https:\/\/directoalprofesional.com\/fr\/?post_type=product&#038;p=1617"},"modified":"2022-06-08T15:06:34","modified_gmt":"2022-06-08T15:06:34","slug":"masque-visage-collagene-elastine","status":"publish","type":"product","link":"https:\/\/directoalprofesional.com\/fr\/masque-visage-collagene-elastine\/","title":{"rendered":"MASQUE VISAGE COLLAGENE &#038; ELASTINE"},"content":{"rendered":"<p>Voile r\u00e9parateur au collag\u00e8ne et \u00e9lastine25 ml R\u00e9f. DAEVE05150  Description Voile r\u00e9parateur au collag\u00e8ne et \u00e9lastine Il est le parfait compl\u00e9ment aux traitements contre le vieillissement, ses composants stimulent le m\u00e9tabolisme cellulaire et aident \u00e0 r\u00e9duire visiblement les rides. Appliquer lorsque la peau n\u00e9cessite un traitement (apr\u00e8s l&#8217;exposition au soleil et de vacances de l&#8217;environnement, dans les moments de fatigue, changement de saison&#8230;)  Mode d&#8217;emploi: Appliquer sur la peau le voile sur le visage et laisser reposer 10 minutes. Convient \u00e0 tous types de peau, y compris sensibles, gr\u00e2ce \u00e0 la camomille et aux extraits de calendula Contenance 25 ml Dur\u00e9e de conservation apr\u00e8s ouverture 12 mois Ingr\u00e9dients Aqua (Water), Glycerin, Propylene Glycol, Chamomilla Recutita (Matricaria Extract), Pisces (Fish Extract), Amniotic Fluid, Calendula Officinalis (Calendula Extract), Elastin Amino Acids, Hyaluronic Acid, Cellulose Gum, Peg-40 Hydrogenated Castor Oil, 2-bromo-2-nitropropane-1, 3-diol, Parfum (Fragance), Triethanolamine *<\/p>\n","protected":false},"excerpt":{"rendered":"<p>Voile r\u00e9parateur au collag\u00e8ne et \u00e9lastine25 ml R\u00e9f. DAEVE05150 Description Voile r\u00e9parateur au collag\u00e8ne et \u00e9lastine Il est le parfait compl\u00e9ment aux traitements contre le vieillissement, ses composants stimulent le m\u00e9tabolisme cellulaire et aident \u00e0 r\u00e9duire visiblement les rides. Appliquer lorsque la peau n\u00e9cessite un traitement (apr\u00e8s l&#8217;exposition au soleil et de vacances de l&#8217;environnement, [&hellip;]<\/p>\n","protected":false},"featured_media":1139,"comment_status":"closed","ping_status":"closed","template":"","meta":{"ocean_post_layout":"","ocean_both_sidebars_style":"","ocean_both_sidebars_content_width":0,"ocean_both_sidebars_sidebars_width":0,"ocean_sidebar":"","ocean_second_sidebar":"","ocean_disable_margins":"enable","ocean_add_body_class":"","ocean_shortcode_before_top_bar":"","ocean_shortcode_after_top_bar":"","ocean_shortcode_before_header":"","ocean_shortcode_after_header":"","ocean_has_shortcode":"","ocean_shortcode_after_title":"","ocean_shortcode_before_footer_widgets":"","ocean_shortcode_after_footer_widgets":"","ocean_shortcode_before_footer_bottom":"","ocean_shortcode_after_footer_bottom":"","ocean_display_top_bar":"default","ocean_display_header":"default","ocean_header_style":"","ocean_center_header_left_menu":"","ocean_custom_header_template":"","ocean_custom_logo":0,"ocean_custom_retina_logo":0,"ocean_custom_logo_max_width":0,"ocean_custom_logo_tablet_max_width":0,"ocean_custom_logo_mobile_max_width":0,"ocean_custom_logo_max_height":0,"ocean_custom_logo_tablet_max_height":0,"ocean_custom_logo_mobile_max_height":0,"ocean_header_custom_menu":"","ocean_menu_typo_font_family":"","ocean_menu_typo_font_subset":"","ocean_menu_typo_font_size":0,"ocean_menu_typo_font_size_tablet":0,"ocean_menu_typo_font_size_mobile":0,"ocean_menu_typo_font_size_unit":"px","ocean_menu_typo_font_weight":"","ocean_menu_typo_font_weight_tablet":"","ocean_menu_typo_font_weight_mobile":"","ocean_menu_typo_transform":"","ocean_menu_typo_transform_tablet":"","ocean_menu_typo_transform_mobile":"","ocean_menu_typo_line_height":0,"ocean_menu_typo_line_height_tablet":0,"ocean_menu_typo_line_height_mobile":0,"ocean_menu_typo_line_height_unit":"","ocean_menu_typo_spacing":0,"ocean_menu_typo_spacing_tablet":0,"ocean_menu_typo_spacing_mobile":0,"ocean_menu_typo_spacing_unit":"","ocean_menu_link_color":"","ocean_menu_link_color_hover":"","ocean_menu_link_color_active":"","ocean_menu_link_background":"","ocean_menu_link_hover_background":"","ocean_menu_link_active_background":"","ocean_menu_social_links_bg":"","ocean_menu_social_hover_links_bg":"","ocean_menu_social_links_color":"","ocean_menu_social_hover_links_color":"","ocean_disable_title":"default","ocean_disable_heading":"default","ocean_post_title":"","ocean_post_subheading":"","ocean_post_title_style":"","ocean_post_title_background_color":"","ocean_post_title_background":0,"ocean_post_title_bg_image_position":"","ocean_post_title_bg_image_attachment":"","ocean_post_title_bg_image_repeat":"","ocean_post_title_bg_image_size":"","ocean_post_title_height":0,"ocean_post_title_bg_overlay":0.5,"ocean_post_title_bg_overlay_color":"","ocean_disable_breadcrumbs":"default","ocean_breadcrumbs_color":"","ocean_breadcrumbs_separator_color":"","ocean_breadcrumbs_links_color":"","ocean_breadcrumbs_links_hover_color":"","ocean_display_footer_widgets":"default","ocean_display_footer_bottom":"default","ocean_custom_footer_template":"","osh_disable_topbar_sticky":"default","osh_disable_header_sticky":"default","osh_sticky_header_style":"default","osh_sticky_header_effect":"","osh_custom_sticky_logo":0,"osh_custom_retina_sticky_logo":0,"osh_custom_sticky_logo_height":0,"osh_background_color":"","osh_links_color":"","osh_links_hover_color":"","osh_links_active_color":"","osh_links_bg_color":"","osh_links_hover_bg_color":"","osh_links_active_bg_color":"","osh_menu_social_links_color":"","osh_menu_social_hover_links_color":""},"product_brand":[],"product_cat":[231,213],"product_tag":[],"class_list":["post-1617","product","type-product","status-publish","has-post-thumbnail","product_cat-ampollas-faciales","product_cat-facial","entry","has-media","first","instock","purchasable","product-type-simple","has-product-nav","col","span_1_of_4","owp-content-center","owp-thumbs-layout-horizontal","owp-btn-normal","owp-tabs-layout-horizontal","has-no-thumbnails"],"yoast_head":"<!-- This site is optimized with the Yoast SEO Premium plugin v26.5 (Yoast SEO v26.5) - https:\/\/yoast.com\/wordpress\/plugins\/seo\/ -->\n<title>MASQUE VISAGE COLLAGENE &amp; ELASTINE - FR - Directo al Profesional<\/title>\n<meta name=\"robots\" content=\"index, follow, max-snippet:-1, max-image-preview:large, max-video-preview:-1\" \/>\n<link rel=\"canonical\" href=\"https:\/\/directoalprofesional.com\/fr\/masque-visage-collagene-elastine\/\" \/>\n<meta property=\"og:locale\" content=\"es_ES\" \/>\n<meta property=\"og:type\" content=\"article\" \/>\n<meta property=\"og:title\" content=\"MASQUE VISAGE COLLAGENE &amp; ELASTINE\" \/>\n<meta property=\"og:description\" content=\"Voile r\u00e9parateur au collag\u00e8ne et \u00e9lastine25 ml R\u00e9f. DAEVE05150 Description Voile r\u00e9parateur au collag\u00e8ne et \u00e9lastine Il est le parfait compl\u00e9ment aux traitements contre le vieillissement, ses composants stimulent le m\u00e9tabolisme cellulaire et aident \u00e0 r\u00e9duire visiblement les rides. Appliquer lorsque la peau n\u00e9cessite un traitement (apr\u00e8s l&#8217;exposition au soleil et de vacances de l&#8217;environnement, [&hellip;]\" \/>\n<meta property=\"og:url\" content=\"https:\/\/directoalprofesional.com\/fr\/masque-visage-collagene-elastine\/\" \/>\n<meta property=\"og:site_name\" content=\"FR - Directo al Profesional\" \/>\n<meta property=\"article:modified_time\" content=\"2022-06-08T15:06:34+00:00\" \/>\n<meta property=\"og:image\" content=\"https:\/\/directoalprofesional.com\/fr\/wp-content\/uploads\/sites\/4\/2022\/01\/DAEVE05150.jpg\" \/>\n\t<meta property=\"og:image:width\" content=\"300\" \/>\n\t<meta property=\"og:image:height\" content=\"300\" \/>\n\t<meta property=\"og:image:type\" content=\"image\/jpeg\" \/>\n<meta name=\"twitter:card\" content=\"summary_large_image\" \/>\n<meta name=\"twitter:label1\" content=\"Precio\" \/>\n\t<meta name=\"twitter:data1\" content=\"11,90&euro;\" \/>\n\t<meta name=\"twitter:label2\" content=\"Disponibilidad\" \/>\n\t<meta name=\"twitter:data2\" content=\"Disponible\" \/>\n<script type=\"application\/ld+json\" class=\"yoast-schema-graph\">{\"@context\":\"https:\/\/schema.org\",\"@graph\":[{\"@type\":\"WebPage\",\"@id\":\"https:\/\/directoalprofesional.com\/fr\/masque-visage-collagene-elastine\/\",\"url\":\"https:\/\/directoalprofesional.com\/fr\/masque-visage-collagene-elastine\/\",\"name\":\"MASQUE VISAGE COLLAGENE & ELASTINE - FR - Directo al Profesional\",\"isPartOf\":{\"@id\":\"https:\/\/directoalprofesional.com\/fr\/#website\"},\"primaryImageOfPage\":{\"@id\":\"https:\/\/directoalprofesional.com\/fr\/masque-visage-collagene-elastine\/#primaryimage\"},\"image\":{\"@id\":\"https:\/\/directoalprofesional.com\/fr\/masque-visage-collagene-elastine\/#primaryimage\"},\"thumbnailUrl\":\"https:\/\/directoalprofesional.com\/fr\/wp-content\/uploads\/sites\/4\/2022\/01\/DAEVE05150.jpg\",\"datePublished\":\"2022-01-07T13:06:59+00:00\",\"dateModified\":\"2022-06-08T15:06:34+00:00\",\"breadcrumb\":{\"@id\":\"https:\/\/directoalprofesional.com\/fr\/masque-visage-collagene-elastine\/#breadcrumb\"},\"inLanguage\":\"es\",\"potentialAction\":[{\"@type\":\"ReadAction\",\"target\":[\"https:\/\/directoalprofesional.com\/fr\/masque-visage-collagene-elastine\/\"]}]},{\"@type\":\"ImageObject\",\"inLanguage\":\"es\",\"@id\":\"https:\/\/directoalprofesional.com\/fr\/masque-visage-collagene-elastine\/#primaryimage\",\"url\":\"https:\/\/directoalprofesional.com\/fr\/wp-content\/uploads\/sites\/4\/2022\/01\/DAEVE05150.jpg\",\"contentUrl\":\"https:\/\/directoalprofesional.com\/fr\/wp-content\/uploads\/sites\/4\/2022\/01\/DAEVE05150.jpg\",\"width\":300,\"height\":300},{\"@type\":\"BreadcrumbList\",\"@id\":\"https:\/\/directoalprofesional.com\/fr\/masque-visage-collagene-elastine\/#breadcrumb\",\"itemListElement\":[{\"@type\":\"ListItem\",\"position\":1,\"name\":\"Home\",\"item\":\"https:\/\/directoalprofesional.com\/fr\/\"},{\"@type\":\"ListItem\",\"position\":2,\"name\":\"Shop\",\"item\":\"https:\/\/directoalprofesional.com\/fr\/shop\/\"},{\"@type\":\"ListItem\",\"position\":3,\"name\":\"MASQUE VISAGE COLLAGENE &#038; ELASTINE\"}]},{\"@type\":\"WebSite\",\"@id\":\"https:\/\/directoalprofesional.com\/fr\/#website\",\"url\":\"https:\/\/directoalprofesional.com\/fr\/\",\"name\":\"FR - Directo al Profesional\",\"description\":\"Just another WordPress site\",\"publisher\":{\"@id\":\"https:\/\/directoalprofesional.com\/fr\/#organization\"},\"potentialAction\":[{\"@type\":\"SearchAction\",\"target\":{\"@type\":\"EntryPoint\",\"urlTemplate\":\"https:\/\/directoalprofesional.com\/fr\/?s={search_term_string}\"},\"query-input\":{\"@type\":\"PropertyValueSpecification\",\"valueRequired\":true,\"valueName\":\"search_term_string\"}}],\"inLanguage\":\"es\"},{\"@type\":\"Organization\",\"@id\":\"https:\/\/directoalprofesional.com\/fr\/#organization\",\"name\":\"FR - Directo al Profesional\",\"url\":\"https:\/\/directoalprofesional.com\/fr\/\",\"logo\":{\"@type\":\"ImageObject\",\"inLanguage\":\"es\",\"@id\":\"https:\/\/directoalprofesional.com\/fr\/#\/schema\/logo\/image\/\",\"url\":\"https:\/\/directoalprofesional.com\/fr\/wp-content\/uploads\/sites\/4\/2021\/12\/Logotipo_Dap.jpg\",\"contentUrl\":\"https:\/\/directoalprofesional.com\/fr\/wp-content\/uploads\/sites\/4\/2021\/12\/Logotipo_Dap.jpg\",\"width\":2296,\"height\":1463,\"caption\":\"FR  - Directo al Profesional\"},\"image\":{\"@id\":\"https:\/\/directoalprofesional.com\/fr\/#\/schema\/logo\/image\/\"}}]}<\/script>\n<meta property=\"product:price:amount\" content=\"11.90\" \/>\n<meta property=\"product:price:currency\" content=\"EUR\" \/>\n<meta property=\"og:availability\" content=\"instock\" \/>\n<meta property=\"product:availability\" content=\"instock\" \/>\n<meta property=\"product:retailer_item_id\" content=\"DAEVE05150\" \/>\n<meta property=\"product:condition\" content=\"new\" \/>\n<!-- \/ Yoast SEO Premium plugin. -->","yoast_head_json":{"title":"MASQUE VISAGE COLLAGENE & ELASTINE - FR - Directo al Profesional","robots":{"index":"index","follow":"follow","max-snippet":"max-snippet:-1","max-image-preview":"max-image-preview:large","max-video-preview":"max-video-preview:-1"},"canonical":"https:\/\/directoalprofesional.com\/fr\/masque-visage-collagene-elastine\/","og_locale":"es_ES","og_type":"article","og_title":"MASQUE VISAGE COLLAGENE & ELASTINE","og_description":"Voile r\u00e9parateur au collag\u00e8ne et \u00e9lastine25 ml R\u00e9f. DAEVE05150 Description Voile r\u00e9parateur au collag\u00e8ne et \u00e9lastine Il est le parfait compl\u00e9ment aux traitements contre le vieillissement, ses composants stimulent le m\u00e9tabolisme cellulaire et aident \u00e0 r\u00e9duire visiblement les rides. Appliquer lorsque la peau n\u00e9cessite un traitement (apr\u00e8s l&#8217;exposition au soleil et de vacances de l&#8217;environnement, [&hellip;]","og_url":"https:\/\/directoalprofesional.com\/fr\/masque-visage-collagene-elastine\/","og_site_name":"FR - Directo al Profesional","article_modified_time":"2022-06-08T15:06:34+00:00","og_image":[{"width":300,"height":300,"url":"https:\/\/directoalprofesional.com\/fr\/wp-content\/uploads\/sites\/4\/2022\/01\/DAEVE05150.jpg","type":"image\/jpeg"}],"twitter_card":"summary_large_image","twitter_misc":{"Precio":"11,90&euro;","Disponibilidad":"Disponible"},"schema":{"@context":"https:\/\/schema.org","@graph":[{"@type":"WebPage","@id":"https:\/\/directoalprofesional.com\/fr\/masque-visage-collagene-elastine\/","url":"https:\/\/directoalprofesional.com\/fr\/masque-visage-collagene-elastine\/","name":"MASQUE VISAGE COLLAGENE & ELASTINE - FR - Directo al Profesional","isPartOf":{"@id":"https:\/\/directoalprofesional.com\/fr\/#website"},"primaryImageOfPage":{"@id":"https:\/\/directoalprofesional.com\/fr\/masque-visage-collagene-elastine\/#primaryimage"},"image":{"@id":"https:\/\/directoalprofesional.com\/fr\/masque-visage-collagene-elastine\/#primaryimage"},"thumbnailUrl":"https:\/\/directoalprofesional.com\/fr\/wp-content\/uploads\/sites\/4\/2022\/01\/DAEVE05150.jpg","datePublished":"2022-01-07T13:06:59+00:00","dateModified":"2022-06-08T15:06:34+00:00","breadcrumb":{"@id":"https:\/\/directoalprofesional.com\/fr\/masque-visage-collagene-elastine\/#breadcrumb"},"inLanguage":"es","potentialAction":[{"@type":"ReadAction","target":["https:\/\/directoalprofesional.com\/fr\/masque-visage-collagene-elastine\/"]}]},{"@type":"ImageObject","inLanguage":"es","@id":"https:\/\/directoalprofesional.com\/fr\/masque-visage-collagene-elastine\/#primaryimage","url":"https:\/\/directoalprofesional.com\/fr\/wp-content\/uploads\/sites\/4\/2022\/01\/DAEVE05150.jpg","contentUrl":"https:\/\/directoalprofesional.com\/fr\/wp-content\/uploads\/sites\/4\/2022\/01\/DAEVE05150.jpg","width":300,"height":300},{"@type":"BreadcrumbList","@id":"https:\/\/directoalprofesional.com\/fr\/masque-visage-collagene-elastine\/#breadcrumb","itemListElement":[{"@type":"ListItem","position":1,"name":"Home","item":"https:\/\/directoalprofesional.com\/fr\/"},{"@type":"ListItem","position":2,"name":"Shop","item":"https:\/\/directoalprofesional.com\/fr\/shop\/"},{"@type":"ListItem","position":3,"name":"MASQUE VISAGE COLLAGENE &#038; ELASTINE"}]},{"@type":"WebSite","@id":"https:\/\/directoalprofesional.com\/fr\/#website","url":"https:\/\/directoalprofesional.com\/fr\/","name":"FR - Directo al Profesional","description":"Just another WordPress site","publisher":{"@id":"https:\/\/directoalprofesional.com\/fr\/#organization"},"potentialAction":[{"@type":"SearchAction","target":{"@type":"EntryPoint","urlTemplate":"https:\/\/directoalprofesional.com\/fr\/?s={search_term_string}"},"query-input":{"@type":"PropertyValueSpecification","valueRequired":true,"valueName":"search_term_string"}}],"inLanguage":"es"},{"@type":"Organization","@id":"https:\/\/directoalprofesional.com\/fr\/#organization","name":"FR - Directo al Profesional","url":"https:\/\/directoalprofesional.com\/fr\/","logo":{"@type":"ImageObject","inLanguage":"es","@id":"https:\/\/directoalprofesional.com\/fr\/#\/schema\/logo\/image\/","url":"https:\/\/directoalprofesional.com\/fr\/wp-content\/uploads\/sites\/4\/2021\/12\/Logotipo_Dap.jpg","contentUrl":"https:\/\/directoalprofesional.com\/fr\/wp-content\/uploads\/sites\/4\/2021\/12\/Logotipo_Dap.jpg","width":2296,"height":1463,"caption":"FR  - Directo al Profesional"},"image":{"@id":"https:\/\/directoalprofesional.com\/fr\/#\/schema\/logo\/image\/"}}]},"product_price_amount":"11.90","product_price_currency":"EUR","og_availability":"instock","product_availability":"instock","product_retailer_item_id":"DAEVE05150","product_condition":"new"},"_links":{"self":[{"href":"https:\/\/directoalprofesional.com\/fr\/wp-json\/wp\/v2\/product\/1617","targetHints":{"allow":["GET"]}}],"collection":[{"href":"https:\/\/directoalprofesional.com\/fr\/wp-json\/wp\/v2\/product"}],"about":[{"href":"https:\/\/directoalprofesional.com\/fr\/wp-json\/wp\/v2\/types\/product"}],"replies":[{"embeddable":true,"href":"https:\/\/directoalprofesional.com\/fr\/wp-json\/wp\/v2\/comments?post=1617"}],"wp:featuredmedia":[{"embeddable":true,"href":"https:\/\/directoalprofesional.com\/fr\/wp-json\/wp\/v2\/media\/1139"}],"wp:attachment":[{"href":"https:\/\/directoalprofesional.com\/fr\/wp-json\/wp\/v2\/media?parent=1617"}],"wp:term":[{"taxonomy":"product_brand","embeddable":true,"href":"https:\/\/directoalprofesional.com\/fr\/wp-json\/wp\/v2\/product_brand?post=1617"},{"taxonomy":"product_cat","embeddable":true,"href":"https:\/\/directoalprofesional.com\/fr\/wp-json\/wp\/v2\/product_cat?post=1617"},{"taxonomy":"product_tag","embeddable":true,"href":"https:\/\/directoalprofesional.com\/fr\/wp-json\/wp\/v2\/product_tag?post=1617"}],"curies":[{"name":"wp","href":"https:\/\/api.w.org\/{rel}","templated":true}]}}